{"id":1854,"date":"2024-05-16T10:26:52","date_gmt":"2024-05-16T09:26:52","guid":{"rendered":"https:\/\/guerkan-pastirma.de\/produktion\/halka-sucuk-dana-ve-kuzu-etinden\/"},"modified":"2024-12-02T13:34:49","modified_gmt":"2024-12-02T12:34:49","slug":"halka-sucuk-dana-ve-kuzu-etinden","status":"publish","type":"produktion","link":"https:\/\/guerkan-pastirma.de\/tr\/uretim\/halka-sucuk-dana-ve-kuzu-etinden\/","title":{"rendered":"Halka Sucuk (Dana ve Kuzu Etinden)"},"content":{"rendered":"\n<p>G\u00fcrkan Kaliteli Kasap Sucuk, usta kasaplar\u0131m\u0131z\u0131n uzun y\u0131llara dayanan tecr\u00fcbe ve bilgi birikimi ile y\u00fcksek aromatik kuzu ve dana etinden yapt\u0131klar\u0131 ger\u00e7ek bir fermente \u00fcr\u00fcnd\u00fcr. Sucuklar\u0131m\u0131z, G\u00fcrkan Past\u0131rma \u00e7e\u015fitlerimiz ile birlikte \u0131s\u0131l i\u015flem g\u00f6rmeden do\u011fal fermantasyon teknolojisi kullan\u0131larak kurutulmaktad\u0131r. Yaln\u0131zca en kaliteli kuzu ve dana etinin benzersiz past\u0131rma lezzetiyle \u00f6zenli birle\u015fiminden olu\u015fan bu muhte\u015fem tad, sucuk severler i\u00e7in bir lezzet \u015f\u00f6leni!<\/p>\n\n\n\n<p><strong><a href=\"https:\/\/guerkan-pastirma.de\/wp-content\/uploads\/2024\/05\/Gurkan_Produktblatt_Sucuk_-Kuzu-ve-Dana.pdf\" target=\"_blank\" rel=\"noreferrer noopener\">\u00dcr\u00fcn \u00d6zellikleri<\/a><\/strong><\/p>\n","protected":false},"excerpt":{"rendered":"<p>G\u00fcrkan Kaliteli Kasap Sucuk, usta kasaplar\u0131m\u0131z\u0131n uzun y\u0131llara dayanan tecr\u00fcbe [&hellip;]<\/p>\n","protected":false},"featured_media":0,"template":"","produktart":[44],"class_list":["post-1854","produktion","type-produktion","status-publish","hentry","produktart-sucuk-tr"],"acf":[],"_links":{"self":[{"href":"https:\/\/guerkan-pastirma.de\/tr\/wp-json\/wp\/v2\/produktion\/1854","targetHints":{"allow":["GET"]}}],"collection":[{"href":"https:\/\/guerkan-pastirma.de\/tr\/wp-json\/wp\/v2\/produktion"}],"about":[{"href":"https:\/\/guerkan-pastirma.de\/tr\/wp-json\/wp\/v2\/types\/produktion"}],"wp:attachment":[{"href":"https:\/\/guerkan-pastirma.de\/tr\/wp-json\/wp\/v2\/media?parent=1854"}],"wp:term":[{"taxonomy":"produktart","embeddable":true,"href":"https:\/\/guerkan-pastirma.de\/tr\/wp-json\/wp\/v2\/produktart?post=1854"}],"curies":[{"name":"wp","href":"https:\/\/api.w.org\/{rel}","templated":true}]}}